{"id":1550,"date":"2020-07-22T13:03:19","date_gmt":"2020-07-22T13:03:19","guid":{"rendered":"https:\/\/gate21.ee\/?page_id=1550"},"modified":"2021-04-22T10:02:00","modified_gmt":"2021-04-22T07:02:00","slug":"privaatsuspoliitika","status":"publish","type":"page","link":"https:\/\/gate21.ee\/et\/privaatsuspoliitika\/","title":{"rendered":""},"content":{"rendered":"<div data-elementor-type=\"wp-page\" data-elementor-id=\"1550\" class=\"elementor elementor-1550\" data-elementor-post-type=\"page\">\n\t\t\t\t\t\t<section class=\"elementor-section elementor-top-section elementor-element elementor-element-52545782 elementor-section-boxed elementor-section-height-default elementor-section-height-default\" data-id=\"52545782\" data-element_type=\"section\" data-e-type=\"section\">\n\t\t\t\t\t\t<div class=\"elementor-container elementor-column-gap-default\">\n\t\t\t\t\t<div class=\"elementor-column elementor-col-100 elementor-top-column elementor-element elementor-element-4a84a31a\" data-id=\"4a84a31a\" data-element_type=\"column\" data-e-type=\"column\">\n\t\t\t<div class=\"elementor-widget-wrap elementor-element-populated\">\n\t\t\t\t\t\t<div class=\"elementor-element elementor-element-3fe3f422 elementor-widget elementor-widget-text-editor\" data-id=\"3fe3f422\" data-element_type=\"widget\" data-e-type=\"widget\" data-widget_type=\"text-editor.default\">\n\t\t\t\t<div class=\"elementor-widget-container\">\n\t\t\t\t\t\t\t\t\t<p><\/p>\n<p><strong>Privaatsuspoliitika<\/strong><\/p>\n<p style=\"font-size: 16px; font-style: normal; margin-bottom: 1.8em; line-height: 1.7; caret-color: #000000; color: #000000; font-family: Ubuntu, sans-serif;\"><span style=\"font-weight: bold;\">1. \u00dclds\u00e4tted<\/span><\/p>\n<p style=\"font-size: 16px; font-style: normal; margin-bottom: 1.8em; line-height: 1.7; caret-color: #000000; font-family: Ubuntu, sans-serif; padding-left: 40px;\"><span style=\"color: #000000;\">1.1. K\u00e4esoleva privaatsuspoliitika reguleerib isikuandmete kogumist, t\u00f6\u00f6tlemist ja s\u00e4ilitamist k\u00e4sitlevaid p\u00f5him\u00f5tteid. Isikuandmeid kogub t\u00f6\u00f6tleb ja s\u00e4ilitab isikuandmete vastutav t\u00f6\u00f6tleja Osta Targalt O\u00dc&nbsp;<\/span><span style=\"color: #000000;\">(edaspidi andmet\u00f6\u00f6tleja).<\/span><\/p>\n<p style=\"font-size: 16px; font-style: normal; margin-bottom: 1.8em; line-height: 1.7; caret-color: #000000; color: #000000; font-family: Ubuntu, sans-serif; padding-left: 40px;\">1.2. Andmesubjekt privaatsuspoliitika t\u00e4henduses on klient v\u00f5i muu f\u00fc\u00fcsiline isik, kelle isikuandmeid andmet\u00f6\u00f6tleja t\u00f6\u00f6tleb.<\/p>\n<p style=\"font-size: 16px; font-style: normal; margin-bottom: 1.8em; line-height: 1.7; caret-color: #000000; color: #000000; font-family: Ubuntu, sans-serif; padding-left: 40px;\">1.3. Klientide privaatsuspoliitika t\u00e4henduses igal, kes ostab andmet\u00f6\u00f6tleja kodulehelt kaupu v\u00f5i teenuseid.<\/p>\n<p style=\"font-size: 16px; font-style: normal; margin-bottom: 1.8em; line-height: 1.7; caret-color: #000000; color: #000000; font-family: Ubuntu, sans-serif; padding-left: 40px;\">1.4. Andmet\u00f6\u00f6tleja seaduste kohaselt andmete t\u00f6\u00f6tlemise p\u00f5him\u00f5tted, muuhulgas t\u00f6\u00f6tleb andmet\u00f6\u00f6tleja isikuandmeid seaduslikult, \u00f5iglaselt ja turvaliselt. Andmet\u00f6\u00f6tleja on v\u00f5imeline kinnitama, et isikuandmeid on t\u00f6\u00f6deldud vastavalt \u00f5igusaktidele.<\/p>\n<p style=\"font-size: 16px; font-style: normal; margin-bottom: 1.8em; line-height: 1.7; caret-color: #000000; color: #000000; font-family: Ubuntu, sans-serif;\"><span style=\"font-weight: bold;\">2. Isiku kogumine, t\u00f6\u00f6tlemine ja andmete s\u00e4ilitamine<\/span><\/p>\n<p style=\"font-size: 16px; font-style: normal; margin-bottom: 1.8em; line-height: 1.7; caret-color: #000000; color: #000000; font-family: Ubuntu, sans-serif; padding-left: 40px;\">2.1. Isikuandmed, mida andmet\u00f6\u00f6tleja kogub, t\u00f6\u00f6tleb ja s\u00e4ilitab, on kogutud elektrooniliselt, peamiselt kodulehe ja e-posti vahendusel.<\/p>\n<p style=\"font-size: 16px; font-style: normal; margin-bottom: 1.8em; line-height: 1.7; caret-color: #000000; color: #000000; font-family: Ubuntu, sans-serif; padding-left: 40px;\">2.2. Oma isikuandmete jagamisega annab andmesubjekt andmet\u00f6\u00f6tlejale \u00f5iguse koguda, korraldada, kasutada ja hallata privaatsuspoliitikas m\u00e4\u00e4ratletud isikuandmeid, mida andmesubjekt otse v\u00f5i kaudselt veebisaidilt kaupu v\u00f5i teenuseid ostes andmet\u00f6\u00f6tlejale jagab.<\/p>\n<p style=\"font-size: 16px; font-style: normal; margin-bottom: 1.8em; line-height: 1.7; caret-color: #000000; color: #000000; font-family: Ubuntu, sans-serif; padding-left: 40px;\">2.3. Andmesubjekt vastutab selle eest, et tema poolt esitatud andmed t\u00e4psed, \u00f5iged ja terviklikud. Teadlikult valeandmete esitamist privaatsuspoliitika rikkumiseks. Andmesubjekt on teiste andmet\u00f6\u00f6tlejate viivitamatult teavitama esitatud andmete muutumisest.<\/p>\n<p style=\"font-size: 16px; font-style: normal; margin-bottom: 1.8em; line-height: 1.7; caret-color: #000000; color: #000000; font-family: Ubuntu, sans-serif; padding-left: 40px;\">2.4. Andmet\u00f6\u00f6tleja ei vastuta andmesubjekti poolt valeandmete esitamisest p\u00f5hjustatud kahju eest andmesubjektile v\u00f5i kolmandatele osapooltele.<\/p>\n<p style=\"font-size: 16px; font-style: normal; margin-bottom: 1.8em; line-height: 1.7; caret-color: #000000; color: #000000; font-family: Ubuntu, sans-serif;\"><span style=\"font-weight: bold;\">3. Klientide isikuandmete t\u00f6\u00f6tlemine<\/span><\/p>\n<p style=\"font-size: 16px; font-style: normal; margin-bottom: 1.8em; line-height: 1.7; caret-color: #000000; color: #000000; font-family: Ubuntu, sans-serif; padding-left: 40px;\">3.1. Andmet\u00f6\u00f6tleja v\u00f5ib j\u00e4rgnevaid andmesubjekti isikuandmeid:<\/p>\n<p style=\"font-size: 16px; font-style: normal; margin-bottom: 1.8em; line-height: 1.7; caret-color: #000000; color: #000000; font-family: Ubuntu, sans-serif; padding-left: 80px;\">3.1.1. Ees- ja perekonnanimi;<\/p>\n<p style=\"font-size: 16px; font-style: normal; margin-bottom: 1.8em; line-height: 1.7; caret-color: #000000; color: #000000; font-family: Ubuntu, sans-serif; padding-left: 80px;\">3.1.2. S\u00fcnnikuup\u00e4ev;<\/p>\n<p style=\"font-size: 16px; font-style: normal; margin-bottom: 1.8em; line-height: 1.7; caret-color: #000000; color: #000000; font-family: Ubuntu, sans-serif; padding-left: 80px;\">3.1.3. telefoninumber;<\/p>\n<p style=\"font-size: 16px; font-style: normal; margin-bottom: 1.8em; line-height: 1.7; caret-color: #000000; color: #000000; font-family: Ubuntu, sans-serif; padding-left: 80px;\">3.1.4. E-posti aadress;<\/p>\n<p style=\"font-size: 16px; font-style: normal; margin-bottom: 1.8em; line-height: 1.7; caret-color: #000000; color: #000000; font-family: Ubuntu, sans-serif; padding-left: 80px;\">3.1.5. Kohaletoimetamise aadress;<\/p>\n<p style=\"font-size: 16px; font-style: normal; margin-bottom: 1.8em; line-height: 1.7; caret-color: #000000; color: #000000; font-family: Ubuntu, sans-serif; padding-left: 80px;\">3.1.6. Arvelduskonto number;<\/p>\n<p style=\"font-size: 16px; font-style: normal; margin-bottom: 1.8em; line-height: 1.7; caret-color: #000000; color: #000000; font-family: Ubuntu, sans-serif; padding-left: 80px;\">3.1.7. Maksekaardi lisa;<\/p>\n<p style=\"font-size: 16px; font-style: normal; margin-bottom: 1.8em; line-height: 1.7; caret-color: #000000; color: #000000; font-family: Ubuntu, sans-serif; padding-left: 40px;\">3.2. Lisaks eeltoodule on andmet\u00f6\u00f6tlejal \u00f5igus koguda kliendi kohta andmeid, mis on k\u00e4ttesaadavad avalikes registrites.<\/p>\n<p style=\"font-size: 16px; font-style: normal; margin-bottom: 1.8em; line-height: 1.7; caret-color: #000000; color: #000000; font-family: Ubuntu, sans-serif; padding-left: 40px;\">3.3. Isikuandmete t\u00f6\u00f6tlemise \u00f5iguslik alus on isikuandmete kaitse \u00fcldm\u00e4\u00e4ruse paragrahv 6 lg 1 pd a), b), c) ja f):<\/p>\n<p style=\"font-size: 16px; font-style: normal; margin-bottom: 1.8em; line-height: 1.7; caret-color: #000000; color: #000000; font-family: Ubuntu, sans-serif; padding-left: 80px;\">a) andmesjekt on andnud v\u00f5imalustub oma isikuandmeid \u00fchel v\u00f5i mitmel konkreetsel eesm\u00e4rgil;<\/p>\n<p style=\"font-size: 16px; font-style: normal; margin-bottom: 1.8em; line-height: 1.7; caret-color: #000000; color: #000000; font-family: Ubuntu, sans-serif; padding-left: 80px;\">b) isikuandmete t\u00f6\u00f6tlemine vajalike ja messubjektide osalusel s\u00f5lmitud lepingu t\u00e4itmiseks v\u00f5i lepingu s\u00f5lmimisele avaldatavate meetmete v\u00f5tmiseks vastavalt jamesubjekti taotlusele;<\/p>\n<p style=\"font-size: 16px; font-style: normal; margin-bottom: 1.8em; line-height: 1.7; caret-color: #000000; color: #000000; font-family: Ubuntu, sans-serif; padding-left: 80px;\">c) isikuandmete t\u00f6\u00f6tlemine on vajalik vastutava t\u00f6\u00f6tlemisega seotud kohustuse t\u00e4itmiseks;<\/p>\n<p style=\"font-size: 16px; font-style: normal; margin-bottom: 1.8em; line-height: 1.7; caret-color: #000000; color: #000000; font-family: Ubuntu, sans-serif; padding-left: 80px;\">f) isikuandmete k\u00e4sitlemine on vajalik vastutava t\u00f6\u00f6tleja v\u00f5i kolmanda isiku \u00f5igustatud huvi korral, kui sellise huvi kaaluvad \u00fcles andmesubjekti huvid v\u00f5i p\u00f5hi\u00f5igused ja -vabadused, mille nimel tuleb kaitsta isikuandmeid, eriti kui andmesubjekt on laps.<\/p>\n<p style=\"font-size: 16px; font-style: normal; margin-bottom: 1.8em; line-height: 1.7; caret-color: #000000; color: #000000; font-family: Ubuntu, sans-serif; padding-left: 40px;\">3.4. Isikuandmete t\u00f6\u00f6tlemine vastavalt t\u00f6\u00f6tlemisele:<\/p>\n<p style=\"font-size: 16px; font-style: normal; margin-bottom: 1.8em; line-height: 1.7; caret-color: #000000; color: #000000; font-family: Ubuntu, sans-serif; padding-left: 80px;\">3.4.1. T\u00f6\u00f6tlemise eesm\u00e4rk \u2013 julgeolek ja turvalisus<br>Isikuandmete s\u00e4ilitamise maksimaalne aeg \u2013 vastavalt seaduses nimetatud t\u00e4htaegadele<\/p>\n<p style=\"font-size: 16px; font-style: normal; margin-bottom: 1.8em; line-height: 1.7; caret-color: #000000; color: #000000; font-family: Ubuntu, sans-serif; padding-left: 80px;\">3.4.2. T\u00f6\u00f6tlemise eesm\u00e4rk \u2013 tellimuse t\u00f6\u00f6tlemine<br>Isikuandmete s\u00e4ilitamise maksimaalne aeg on 7 (seitse) aastat.<\/p>\n<p style=\"font-size: 16px; font-style: normal; margin-bottom: 1.8em; line-height: 1.7; caret-color: #000000; color: #000000; font-family: Ubuntu, sans-serif; padding-left: 80px;\">3.4.3. T\u00f6\u00f6tlemise eesm\u00e4rk \u2013 e-poe teenuste toimimise tagamine<br>Isikuandmete s\u00e4ilitamise maksimaalne&nbsp;<span style=\"font-size: 16px; font-style: normal;\">aeg on 7 (seitse) aastat.<\/span><\/p>\n<p style=\"font-size: 16px; font-style: normal; margin-bottom: 1.8em; line-height: 1.7; caret-color: #000000; color: #000000; font-family: Ubuntu, sans-serif; padding-left: 80px;\">3.4.4. T\u00f6\u00f6tlemise eesm\u00e4rk \u2013 kliendihaldus<br>Isikuandmete s\u00e4ilitamise maksimaalne aeg&nbsp;<span style=\"font-size: 16px; font-style: normal;\">aeg on 7 (seitse) aastat.<\/span><\/p>\n<p style=\"font-size: 16px; font-style: normal; margin-bottom: 1.8em; line-height: 1.7; caret-color: #000000; color: #000000; font-family: Ubuntu, sans-serif; padding-left: 80px;\">3.4.5. T\u00f6\u00f6tlemise eesm\u00e4rk \u2013 finantstegevus, raamatupidamine<br>Isikuandmete s\u00e4ilitamise maksimaalne aeg \u2013 vastavalt seaduses nimetatud t\u00e4htaegadele<\/p>\n<p style=\"font-size: 16px; font-style: normal; margin-bottom: 1.8em; line-height: 1.7; caret-color: #000000; color: #000000; font-family: Ubuntu, sans-serif; padding-left: 80px;\">3.4.6. T\u00f6\u00f6tlemise eesm\u00e4rk \u2013 turundus<br>Isikuandmete s\u00e4ilitamise maksimaalne aeg&nbsp;<span style=\"font-size: 16px; font-style: normal;\">aeg on 7 (seitse) aastat.<\/span><\/p>\n<p style=\"font-size: 16px; font-style: normal; margin-bottom: 1.8em; line-height: 1.7; caret-color: #000000; color: #000000; font-family: Ubuntu, sans-serif; padding-left: 80px;\"><span style=\"font-size: 16px; font-style: normal;\">3.5. Andmet\u00f6\u00f6tlejal on \u00f5igusabi isikuandmeid jagada kolmandate isikutega, kelleks on n\u00e4iteks volitatud andmet\u00f6\u00f6tlejad, raamatupidajad, transpordi- ja kullerettev\u00f5tted, \u00fclekandeteenuseid pakkuvad ettev\u00f5tted Andmet\u00f6\u00f6tleja on isikuandmete vastutav t\u00f6\u00f6tleja. Andmet\u00f6\u00f6tleja edastab maksete teostamiseks vajalikke isikuandmed volitatud t\u00f6\u00f6tleja Maksekeskus AS-ile.<\/span><br><\/p>\n<p style=\"font-size: 16px; font-style: normal; margin-bottom: 1.8em; line-height: 1.7; caret-color: #000000; color: #000000; font-family: Ubuntu, sans-serif; padding-left: 40px;\">3.6. Andmesubjekti isikuandmete t\u00f6\u00f6tlemisel ja s\u00e4ilitamisel rakendatakse isikuandmete andmet\u00f6\u00f6tleja organisatsioonilisi ja tehnilisi meetmeid, mis tagavad isikuandmete kaitse juhusliku v\u00f5i ebaseadusliku h\u00e4vitamise, muutmise, avalikustamise ja mis tahes muu ebaseadusliku t\u00f6\u00f6tlemise eest.<\/p>\n<p style=\"font-size: 16px; font-style: normal; margin-bottom: 1.8em; line-height: 1.7; caret-color: #000000; color: #000000; font-family: Ubuntu, sans-serif; padding-left: 40px;\">3.7. Andmet\u00f6\u00f6tleja s\u00e4ilitab andmesubjektide andmeid t\u00f6\u00f6tlemise eesm\u00e4rgist, kuid mitte kauem kui&nbsp;<span style=\"font-size: 16px; font-style: normal;\">7 (seitse)&nbsp;<\/span>aastat.<\/p>\n<p style=\"font-size: 16px; font-style: normal; margin-bottom: 1.8em; line-height: 1.7; caret-color: #000000; color: #000000; font-family: Ubuntu, sans-serif;\"><span style=\"font-weight: bold;\">4. Andmesubjekti \u00f5igused<\/span><\/p>\n<p style=\"font-size: 16px; font-style: normal; margin-bottom: 1.8em; line-height: 1.7; caret-color: #000000; color: #000000; font-family: Ubuntu, sans-serif; padding-left: 40px;\">4.1. Andmesubjektil on \u00f5igus saada ligip\u00e4\u00e4s oma isikuandmetele ning nende tutvuda.<\/p>\n<p style=\"font-size: 16px; font-style: normal; margin-bottom: 1.8em; line-height: 1.7; caret-color: #000000; color: #000000; font-family: Ubuntu, sans-serif; padding-left: 40px;\">4.2. Andmesubjektil on \u00f5igus saada informatsiooni teema isikuandmete t\u00f6\u00f6tlemise kohta.<\/p>\n<p style=\"font-size: 16px; font-style: normal; margin-bottom: 1.8em; line-height: 1.7; caret-color: #000000; color: #000000; font-family: Ubuntu, sans-serif; padding-left: 40px;\">4.3. Andmesubjektil on \u00f5igus t\u00e4iendada v\u00f5i parandada ebat\u00e4pseid andmeid.<\/p>\n<p style=\"font-size: 16px; font-style: normal; margin-bottom: 1.8em; line-height: 1.7; caret-color: #000000; color: #000000; font-family: Ubuntu, sans-serif; padding-left: 40px;\">4.4. Kui andmet\u00f6\u00f6tleja t\u00f6\u00f6tleb andmesubjekti isikuandmeid andmesubjektiavalduse alusel, siis on andmesubjektil \u00f5igus igal ajal n\u00f5usolek tagasi v\u00f5tta.<\/p>\n<p style=\"font-size: 16px; font-style: normal; margin-bottom: 1.8em; line-height: 1.7; caret-color: #000000; color: #000000; font-family: Ubuntu, sans-serif; padding-left: 40px;\">4.5. Andmesubjekt saab \u00f5iguste teostamiseks p\u00f6\u00f6rduda e-poe klienditoe poole aadressil sales@gate21.ee<\/p>\n<p style=\"font-size: 16px; font-style: normal; margin-bottom: 1.8em; line-height: 1.7; caret-color: #000000; color: #000000; font-family: Ubuntu, sans-serif; padding-left: 40px;\">4.6. Andmesubjektil on oma \u00f5iguste kaitseks v\u00f5imalik esitada kaebus Andmekaitse Inspektsioonile.<\/p>\n<p style=\"font-size: 16px; font-style: normal; margin-bottom: 1.8em; line-height: 1.7; caret-color: #000000; color: #000000; font-family: Ubuntu, sans-serif;\"><span style=\"font-weight: bold;\">5. L\u00f5pps\u00e4tted<\/span><\/p>\n<p style=\"font-size: 16px; font-style: normal; margin-bottom: 1.8em; line-height: 1.7; caret-color: #000000; color: #000000; font-family: Ubuntu, sans-serif; padding-left: 40px;\">5.1. K\u00e4esolevad ja meedikud on koostatud Euroopa Parlamendi ja n\u00f5ukogu m\u00e4\u00e4rusega (EL) nr 2016\/679 f\u00fc\u00fcsilise isiku kaitse isikuandmete t\u00f6\u00f6tlemisel ja andmete vaba liikumise direktiivi 95\/46 \/ E\u00dc kehtetuks tunnistamise kohta \/ E\u00dc (isikuandmete kaitse \u00fcldm\u00e4\u00e4rus), Eesti Vabariigi isikuandmete kaitse seadusega ning Eesti Vabariigi ja Euroopa Liidu seadustega.<\/p>\n<p style=\"font-size: 16px; font-style: normal; margin-bottom: 0px; line-height: 1.7; caret-color: #000000; color: #000000; font-family: Ubuntu, sans-serif; padding-left: 40px;\">5.2. Andmet\u00f6\u00f6tlejal on \u00f5igus andmekaitse tingimused osaliselt v\u00f5i t\u00e4ielikult muuta, teavitades andmesubjekte muudatustest kodulehe <a href=\"https:\/\/gate21.ee\/et\/\">www.gate21.ee<\/a>&nbsp;kaudu.<\/p>\n<p style=\"font-size: 16px; font-style: normal; margin-bottom: 0px; line-height: 1.7; caret-color: #000000; color: #000000; font-family: Ubuntu, sans-serif; padding-left: 40px;\">\n<\/p><p style=\"font-size: 16px; font-style: normal; margin-bottom: 0px; line-height: 1.7; caret-color: #000000; color: #000000; font-family: Ubuntu, sans-serif; padding-left: 40px;\">\n<\/p><p><\/p>\n<p><\/p>\n<p><strong><br><\/strong><\/p>\n<p><strong>INGLISE VERSIOON<\/strong><\/p>\n<p><strong>1. \u00dclds\u00e4tted<\/strong><\/p>\n<p><\/p>\n<p><\/p>\n<p>1.1. See privaatsuspoliitika reguleerib isikuandmete kogumise, t\u00f6\u00f6tlemise ja s\u00e4ilitamise p\u00f5him\u00f5tteid. Isikuandmeid t\u00f6\u00f6tleb ja s\u00e4ilitab Osta Targalt O\u00dc Elkdata O\u00dc serverites, kes on isikuandmete vastutavad t\u00f6\u00f6tlejad (edaspidi vastutav t\u00f6\u00f6tleja).<\/p>\n<p><\/p>\n<p><\/p>\n<p>1.2. Andmesubjekt k\u00e4esoleva privaatsuspoliitika t\u00e4henduses on klient v\u00f5i muu f\u00fc\u00fcsiline isik, kelle isikuandmeid vastutav t\u00f6\u00f6tleja t\u00f6\u00f6tleb.<\/p>\n<p><\/p>\n<p><\/p>\n<p>1.3. Selle privaatsuspoliitika t\u00e4henduses on klient iga\u00fcht, kes ostab kaupu v\u00f5i teenuseid vastutava t\u00f6\u00f6tleja veebisaidilt.<\/p>\n<p><\/p>\n<p><\/p>\n<p>1.4. Vastutav t\u00f6\u00f6tleja j\u00e4rgib \u00f5igusaktides s\u00e4testatud isikuandmete t\u00f6\u00f6tlemise p\u00f5him\u00f5tteid ning muuhulgas t\u00f6\u00f6tleb isikuandmeid seaduslikul, \u00f5iglasel ja turvalisel viisil. Vastutav t\u00f6\u00f6tleja saab kinnitada, et isikuandmeid on t\u00f6\u00f6deldud vastavalt \u00f5igusaktides s\u00e4testatule.<\/p>\n<p><\/p>\n<p><\/p>\n<p><strong>2. Isikuandmete kogumine, t\u00f6\u00f6tlemine ja s\u00e4ilitamine<\/strong><\/p>\n<p><\/p>\n<p><\/p>\n<p>2.1. Vastutava t\u00f6\u00f6tleja poolt kogutud, t\u00f6\u00f6deldud ja s\u00e4ilitatud isikuandmeid on kogutud elektrooniliselt, peamiselt gate21.ee ja selle e-kirjade kaudu.<strong>&nbsp;<\/strong><\/p>\n<p><\/p>\n<p><\/p>\n<p>2.2. Oma isikuandmete jagamisega annab andmesubjekt vastutavale t\u00f6\u00f6tlejale \u00f5iguse koguda, korraldada, kasutada ja hallata privaatsuspoliitikas m\u00e4\u00e4ratletud eesm\u00e4rgil isikuandmeid, mida andmesubjekt kauba ostmisel kas otseselt v\u00f5i kaudselt vastutava t\u00f6\u00f6tlejaga jagab. v\u00f5i teenuseid veebisaidil.<\/p>\n<p><\/p>\n<p><\/p>\n<p>2.3. Andmesubjekt vastutab enda esitatud andmete t\u00e4psuse, \u00f5igsuse ja terviklikkuse eest. Teadvalt valeandmete esitamist k\u00e4sitletakse privaatsuspoliitika rikkumisena. Andmesubjekt on kohustatud viivitamatult teavitama vastutavat t\u00f6\u00f6tlejat esitatud andmete muutumisest.<\/p>\n<p><\/p>\n<p><\/p>\n<p>2.4. Vastutav t\u00f6\u00f6tleja ei vastuta andmesubjektile v\u00f5i kolmandale isikule andmesubjekti poolt valeandmete esitamise t\u00f5ttu tekitatud kahjude v\u00f5i kahjude eest.<\/p>\n<p><\/p>\n<p><\/p>\n<p><strong>3. Klientide isikuandmete t\u00f6\u00f6tlemine<\/strong><\/p>\n<p><\/p>\n<p><\/p>\n<p>3.1. Vastutav t\u00f6\u00f6tleja v\u00f5ib t\u00f6\u00f6delda j\u00e4rgmisi andmesubjekti isikuandmeid:<\/p>\n<p><\/p>\n<p><\/p>\n<p>3.1.1. Ees- ja perekonnanimi;<\/p>\n<p><\/p>\n<p><\/p>\n<p>3.1.2. S\u00fcnnikuup\u00e4ev;<\/p>\n<p><\/p>\n<p><\/p>\n<p>3.1.3. Telefoninumber;<\/p>\n<p><\/p>\n<p><\/p>\n<p>3.1.4. E-posti aadress;<\/p>\n<p><\/p>\n<p><\/p>\n<p>3.1.5. Saaja aadress;<\/p>\n<p><\/p>\n<p><\/p>\n<p>3.1.6. Pangakonto number;<\/p>\n<p><\/p>\n<p><\/p>\n<p>3.1.7. Maksekaardi andmed;<\/p>\n<p><\/p>\n<p><\/p>\n<p>3.2. Lisaks eeltoodule on vastutaval t\u00f6\u00f6tlejal \u00f5igus koguda kliendi kohta andmeid, mis on k\u00e4ttesaadavad avalikes registrites.<\/p>\n<p><\/p>\n<p><\/p>\n<p>3.3. Isikuandmete t\u00f6\u00f6tlemise \u00f5iguslik alus isikuandmete kaitse \u00fcldm\u00e4\u00e4ruse artikli 6 l\u00f5ike 1 punktides a, b, c ja f:<\/p>\n<p><\/p>\n<p><\/p>\n<p>a) andmesubjekt on andnud n\u00f5usoleku oma isikuandmete t\u00f6\u00f6tlemiseks \u00fchel v\u00f5i mitmel konkreetsel eesm\u00e4rgil;<\/p>\n<p><\/p>\n<p><\/p>\n<p>b) t\u00f6\u00f6tlemine on vajalik lepingu t\u00e4itmiseks, mille pooleks andmesubjekt on, v\u00f5i andmesubjekti taotlusel enne lepingu s\u00f5lmimist meetmete v\u00f5tmiseks;<\/p>\n<p><\/p>\n<p><\/p>\n<p>c) t\u00f6\u00f6tlemine on vajalik vastutava t\u00f6\u00f6tleja juriidilise kohustuse t\u00e4itmiseks;<\/p>\n<p><\/p>\n<p><\/p>\n<p>f) t\u00f6\u00f6tlemine on vajalik vastutava t\u00f6\u00f6tleja v\u00f5i kolmanda isiku \u00f5igustatud huvide t\u00e4itmiseks, v\u00e4lja arvatud juhul, kui sellised huvid on \u00fclimuslikud andmesubjekti huvidest v\u00f5i p\u00f5hi\u00f5igustest ja -vabadustest, mis n\u00f5uavad isikuandmete kaitset, eelk\u00f5ige kui andmesubjekt on laps.<\/p>\n<p><\/p>\n<p><\/p>\n<p>3.4. Isikuandmete t\u00f6\u00f6tlemine vastavalt t\u00f6\u00f6tlemise eesm\u00e4rgile:<\/p>\n<p><\/p>\n<p><\/p>\n<p>3.4.1. T\u00f6\u00f6tlemise eesm\u00e4rk \u2013 turvalisus ja ohutus<\/p>\n<p><\/p>\n<p><\/p>\n<p>Isikuandmete maksimaalne s\u00e4ilitamise aeg \u2013 vastavalt seaduses s\u00e4testatud t\u00e4htaegadele<\/p>\n<p><\/p>\n<p><\/p>\n<p>3.4.2. T\u00f6\u00f6tlemise eesm\u00e4rk \u2013 tellimuste t\u00f6\u00f6tlemine<br>Isikuandmete maksimaalne s\u00e4ilitamise aeg on 7 (seitse) aastat.<strong><br><\/strong><\/p>\n<p><\/p>\n<p><\/p>\n<p>3.4.3. T\u00f6\u00f6tlemise eesm\u00e4rk \u2013 veebipoe teenuste toimimise tagamine<br>Isikuandmete maksimaalne s\u00e4ilitamise aeg on 7 (seitse) aastat.<strong><br><\/strong><\/p>\n<p><\/p>\n<p><\/p>\n<p>3.4.4. T\u00f6\u00f6tlemise eesm\u00e4rk \u2013 kliendihaldus<br>Isikuandmete maksimaalne s\u00e4ilitamise aeg on 7 (seitse) aastat.<strong><br><\/strong><\/p>\n<p><\/p>\n<p><\/p>\n<p>3.4.5. T\u00f6\u00f6tlemise eesm\u00e4rk \u2013 finantstegevus, raamatupidamine<br>Isikuandmete maksimaalne s\u00e4ilitamise aeg \u2013 vastavalt seaduses s\u00e4testatud t\u00e4htaegadele<\/p>\n<p><\/p>\n<p><\/p>\n<p>3.4.6. T\u00f6\u00f6tlemise eesm\u00e4rk \u2013 turustamine<\/p>\n<p><\/p>\n<p><\/p>\n<p>Isikuandmete maksimaalne s\u00e4ilitamise aeg on 7 (seitse) aastat.<\/p>\n<p><\/p>\n<p><\/p>\n<p><strong><br><\/strong>3.5. Vastutaval t\u00f6\u00f6tlejal on \u00f5igus jagada klientide isikuandmeid kolmandate isikutega nagu t\u00f6\u00f6tlejad, raamatupidajad, transpordi- ja kullerfirmad, \u00fclekandeteenust osutavad ettev\u00f5tted. Isikuandmete t\u00f6\u00f6tlemise eest vastutab vastutav t\u00f6\u00f6tleja. Vastutav t\u00f6\u00f6tleja edastab maksete sooritamiseks vajalikud isikuandmed t\u00f6\u00f6tleja Maksekeskus AS-le.<\/p>\n<p><\/p>\n<p><\/p>\n<p>3.6. Vastutav t\u00f6\u00f6tleja t\u00f6\u00f6tleb ja s\u00e4ilitab andmesubjekti isikuandmeid, rakendades organisatsioonilisi ja tehnilisi meetmeid, et tagada isikuandmete kaitse juhusliku v\u00f5i ebaseadusliku h\u00e4vitamise, muutmise, avalikustamise ja muu ebaseadusliku t\u00f6\u00f6tlemise eest.<\/p>\n<p><\/p>\n<p><\/p>\n<p>3.7. Vastutav t\u00f6\u00f6tleja s\u00e4ilitab andmesubjektide andmeid s\u00f5ltuvalt t\u00f6\u00f6tlemise eesm\u00e4rgist, kuid mitte kauem kui 7 (seitse) aastat.<\/p>\n<p><\/p>\n<p><\/p>\n<p><strong>4. Andmesubjekti \u00f5igused<\/strong><\/p>\n<p><\/p>\n<p><\/p>\n<p>4.1. Andmesubjektil on \u00f5igus tutvuda oma isikuandmetega ja nendega tutvuda.<\/p>\n<p><\/p>\n<p><\/p>\n<p>4.2. Andmesubjektil on \u00f5igus saada teavet oma isikuandmete t\u00f6\u00f6tlemise kohta.<\/p>\n<p><\/p>\n<p><\/p>\n<p>4.3. Andmesubjektil on \u00f5igus ebat\u00e4pseid andmeid muuta v\u00f5i parandada.<\/p>\n<p><\/p>\n<p><\/p>\n<p>4.4. Kui vastutav t\u00f6\u00f6tleja t\u00f6\u00f6tleb andmesubjekti isikuandmeid viimase antud n\u00f5usoleku alusel, on andmesubjektil \u00f5igus oma n\u00f5usolek igal ajal tagasi v\u00f5tta.<\/p>\n<p><\/p>\n<p><\/p>\n<p>4.5. Oma \u00f5iguste kasutamiseks v\u00f5ib andmesubjekt v\u00f5tta \u00fchendust e-poe klienditoega aadressil sales@gate21.ee.<\/p>\n<p><\/p>\n<p><\/p>\n<p>4.6. Oma \u00f5iguste kaitseks saab andmesubjekt esitada kaebuse Andmekaitse Inspektsioonile.<\/p>\n<p><\/p>\n<p><\/p>\n<p><strong>5. L\u00f5pps\u00e4tted<\/strong><\/p>\n<p><\/p>\n<p><\/p>\n<p>5.1. K\u00e4esolevad andmekaitsetingimused on koostatud koosk\u00f5las Euroopa Parlamendi ja n\u00f5ukogu m\u00e4\u00e4rusega (EL) 2016\/679 f\u00fc\u00fcsiliste isikute kaitse kohta isikuandmete t\u00f6\u00f6tlemisel ja selliste andmete vaba liikumise kohta, ning millega tunnistatakse kehtetuks direktiiv 95\/46\/E\u00dc (andmete kaitse \u00fcldm\u00e4\u00e4rus), Eesti Vabariigi isikuandmete kaitse seadus ning Eesti Vabariigi ja Euroopa Liidu \u00f5igusaktid.<\/p>\n<p><\/p>\n<p><\/p>\n<p>5.2. Vastutaval t\u00f6\u00f6tlejal on \u00f5igus andmekaitsetingimusi osaliselt v\u00f5i t\u00e4ielikult muuta, teavitades muudatustest andmesubjekte l\u00e4bi <a href=\"https:\/\/gate21.ee\/et\/\">www.gate21.ee<\/a>.<\/p>\n<p><\/p>\t\t\t\t\t\t\t\t<\/div>\n\t\t\t\t<\/div>\n\t\t\t\t\t<\/div>\n\t\t<\/div>\n\t\t\t\t\t<\/div>\n\t\t<\/section>\n\t\t\t\t<\/div>","protected":false},"excerpt":{"rendered":"<p>Privaatsuspoliitika 1. \u00dclds\u00e4tted 1.1. K\u00e4esolev privaatsuspoliitika reguleerib isikuandmete kogumist, t\u00f6\u00f6tlemist ja s\u00e4ilitamist k\u00e4sitlevaid p\u00f5him\u00f5tteid. Isikuandmeid kogub t\u00f6\u00f6tleb ja s\u00e4ilitab isikuandmete vastutav t\u00f6\u00f6tleja Osta Targalt O\u00dc&nbsp;(edaspidi andmet\u00f6\u00f6tleja). 1.2. Andmesubjekt privaatsuspoliitika t\u00e4henduses on klient v\u00f5i muu f\u00fc\u00fcsiline isik, kelle isikuandmeid andmet\u00f6\u00f6tleja t\u00f6\u00f6tleb. 1.3. Klient privaatsuspoliitika t\u00e4henduses on iga\u00fcks, kes ostab andmet\u00f6\u00f6tleja kodulehelt kaupu v\u00f5i teenuseid. 1.4. Andmet\u00f6\u00f6tleja [&hellip;]<\/p>\n","protected":false},"author":1,"featured_media":0,"parent":0,"menu_order":0,"comment_status":"closed","ping_status":"closed","template":"","meta":{"site-sidebar-layout":"default","site-content-layout":"default","ast-site-content-layout":"default","site-content-style":"default","site-sidebar-style":"default","ast-global-header-display":"","ast-banner-title-visibility":"","ast-main-header-display":"","ast-hfb-above-header-display":"","ast-hfb-below-header-display":"","ast-hfb-mobile-header-display":"","site-post-title":"","ast-breadcrumbs-content":"","ast-featured-img":"","footer-sml-layout":"","ast-disable-related-posts":"","theme-transparent-header-meta":"default","adv-header-id-meta":"","stick-header-meta":"default","header-above-stick-meta":"","header-main-stick-meta":"","header-below-stick-meta":"","astra-migrate-meta-layouts":"default","ast-page-background-enabled":"default","ast-page-background-meta":{"desktop":{"background-color":"","background-image":"","background-repeat":"repeat","background-position":"center center","background-size":"auto","background-attachment":"scroll","background-type":"","background-media":"","overlay-type":"","overlay-color":"","overlay-opacity":"","overlay-gradient":""},"tablet":{"background-color":"","background-image":"","background-repeat":"repeat","background-position":"center center","background-size":"auto","background-attachment":"scroll","background-type":"","background-media":"","overlay-type":"","overlay-color":"","overlay-opacity":"","overlay-gradient":""},"mobile":{"background-color":"","background-image":"","background-repeat":"repeat","background-position":"center center","background-size":"auto","background-attachment":"scroll","background-type":"","background-media":"","overlay-type":"","overlay-color":"","overlay-opacity":"","overlay-gradient":""}},"ast-content-background-meta":{"desktop":{"background-color":"var(--ast-global-color-5)","background-image":"","background-repeat":"repeat","background-position":"center center","background-size":"auto","background-attachment":"scroll","background-type":"","background-media":"","overlay-type":"","overlay-color":"","overlay-opacity":"","overlay-gradient":""},"tablet":{"background-color":"var(--ast-global-color-5)","background-image":"","background-repeat":"repeat","background-position":"center center","background-size":"auto","background-attachment":"scroll","background-type":"","background-media":"","overlay-type":"","overlay-color":"","overlay-opacity":"","overlay-gradient":""},"mobile":{"background-color":"var(--ast-global-color-5)","background-image":"","background-repeat":"repeat","background-position":"center center","background-size":"auto","background-attachment":"scroll","background-type":"","background-media":"","overlay-type":"","overlay-color":"","overlay-opacity":"","overlay-gradient":""}},"footnotes":""},"class_list":["post-1550","page","type-page","status-publish","hentry"],"yoast_head":"<!-- This site is optimized with the Yoast SEO plugin v27.4 - https:\/\/yoast.com\/product\/yoast-seo-wordpress\/ -->\n<title>&#8226; Gate21<\/title>\n<meta name=\"description\" content=\"3 concept stores together online! Gate21, Oma Asi Design and Oma Asi is your gateway to the design everywhere from Tallinn to Tbilisi to Tokyo!\" \/>\n<meta name=\"robots\" content=\"index, follow, max-snippet:-1, max-image-preview:large, max-video-preview:-1\" \/>\n<link rel=\"canonical\" href=\"https:\/\/gate21.ee\/et\/privaatsuspoliitika\/\" \/>\n<meta property=\"og:locale\" content=\"et_EE\" \/>\n<meta property=\"og:type\" content=\"article\" \/>\n<meta property=\"og:title\" content=\"&#8226; Gate21\" \/>\n<meta property=\"og:description\" content=\"3 concept stores together online! Gate21, Oma Asi Design and Oma Asi is your gateway to the design everywhere from Tallinn to Tbilisi to Tokyo!\" \/>\n<meta property=\"og:url\" content=\"https:\/\/gate21.ee\/et\/privaatsuspoliitika\/\" \/>\n<meta property=\"og:site_name\" content=\"Gate21\" \/>\n<meta property=\"article:publisher\" content=\"https:\/\/www.facebook.com\/gate21.ee\/\" \/>\n<meta property=\"article:modified_time\" content=\"2021-04-22T07:02:00+00:00\" \/>\n<meta property=\"og:image\" content=\"https:\/\/gate21.ee\/wp-content\/uploads\/2021\/11\/Gate_21_Logo_2_Valge.png\" \/>\n\t<meta property=\"og:image:width\" content=\"2560\" \/>\n\t<meta property=\"og:image:height\" content=\"2560\" \/>\n\t<meta property=\"og:image:type\" content=\"image\/png\" \/>\n<meta name=\"twitter:card\" content=\"summary_large_image\" \/>\n<meta name=\"twitter:label1\" content=\"Est. reading time\" \/>\n\t<meta name=\"twitter:data1\" content=\"8 minutit\" \/>\n<script type=\"application\/ld+json\" class=\"yoast-schema-graph\">{\"@context\":\"https:\\\/\\\/schema.org\",\"@graph\":[{\"@type\":\"WebPage\",\"@id\":\"https:\\\/\\\/gate21.ee\\\/privaatsuspoliitika\\\/\",\"url\":\"https:\\\/\\\/gate21.ee\\\/privaatsuspoliitika\\\/\",\"name\":\"&#8226; Gate21\",\"isPartOf\":{\"@id\":\"https:\\\/\\\/gate21.ee\\\/#website\"},\"datePublished\":\"2020-07-22T13:03:19+00:00\",\"dateModified\":\"2021-04-22T07:02:00+00:00\",\"description\":\"3 concept stores together online! Gate21, Oma Asi Design and Oma Asi is your gateway to the design everywhere from Tallinn to Tbilisi to Tokyo!\",\"inLanguage\":\"et\",\"potentialAction\":[{\"@type\":\"ReadAction\",\"target\":[\"https:\\\/\\\/gate21.ee\\\/privaatsuspoliitika\\\/\"]}]},{\"@type\":\"WebSite\",\"@id\":\"https:\\\/\\\/gate21.ee\\\/#website\",\"url\":\"https:\\\/\\\/gate21.ee\\\/\",\"name\":\"Gate21\",\"description\":\"Gift concept store Gate21\",\"publisher\":{\"@id\":\"https:\\\/\\\/gate21.ee\\\/#organization\"},\"alternateName\":\"gate21\",\"potentialAction\":[{\"@type\":\"SearchAction\",\"target\":{\"@type\":\"EntryPoint\",\"urlTemplate\":\"https:\\\/\\\/gate21.ee\\\/?s={search_term_string}\"},\"query-input\":{\"@type\":\"PropertyValueSpecification\",\"valueRequired\":true,\"valueName\":\"search_term_string\"}}],\"inLanguage\":\"et\"},{\"@type\":\"Organization\",\"@id\":\"https:\\\/\\\/gate21.ee\\\/#organization\",\"name\":\"Gate21\",\"alternateName\":\"Gate21, Oma Asi and Oma Asi Design Store\",\"url\":\"https:\\\/\\\/gate21.ee\\\/\",\"logo\":{\"@type\":\"ImageObject\",\"inLanguage\":\"et\",\"@id\":\"https:\\\/\\\/gate21.ee\\\/#\\\/schema\\\/logo\\\/image\\\/\",\"url\":\"https:\\\/\\\/gate21.ee\\\/wp-content\\\/uploads\\\/2021\\\/11\\\/Gate_21_Logo_2_Valge.png\",\"contentUrl\":\"https:\\\/\\\/gate21.ee\\\/wp-content\\\/uploads\\\/2021\\\/11\\\/Gate_21_Logo_2_Valge.png\",\"width\":2560,\"height\":2560,\"caption\":\"Gate21\"},\"image\":{\"@id\":\"https:\\\/\\\/gate21.ee\\\/#\\\/schema\\\/logo\\\/image\\\/\"},\"sameAs\":[\"https:\\\/\\\/www.facebook.com\\\/gate21.ee\\\/\",\"https:\\\/\\\/www.instagram.com\\\/gate21.ee\\\/\",\"https:\\\/\\\/www.instagram.com\\\/omaasidesign\\\/\",\"https:\\\/\\\/www.instagram.com\\\/omaasi\\\/\",\"https:\\\/\\\/www.facebook.com\\\/omaasidesign\\\/\",\"https:\\\/\\\/www.facebook.com\\\/omaasilittleredhouse\\\/\",\"https:\\\/\\\/www.tiktok.com\\\/@gate21.ee\"]}]}<\/script>\n<!-- \/ Yoast SEO plugin. -->","yoast_head_json":{"title":"&#8226; Gate21","description":"3 concept stores together online! Gate21, Oma Asi Design and Oma Asi is your gateway to the design everywhere from Tallinn to Tbilisi to Tokyo!","robots":{"index":"index","follow":"follow","max-snippet":"max-snippet:-1","max-image-preview":"max-image-preview:large","max-video-preview":"max-video-preview:-1"},"canonical":"https:\/\/gate21.ee\/et\/privaatsuspoliitika\/","og_locale":"et_EE","og_type":"article","og_title":"&#8226; Gate21","og_description":"3 concept stores together online! Gate21, Oma Asi Design and Oma Asi is your gateway to the design everywhere from Tallinn to Tbilisi to Tokyo!","og_url":"https:\/\/gate21.ee\/et\/privaatsuspoliitika\/","og_site_name":"Gate21","article_publisher":"https:\/\/www.facebook.com\/gate21.ee\/","article_modified_time":"2021-04-22T07:02:00+00:00","og_image":[{"width":2560,"height":2560,"url":"https:\/\/gate21.ee\/wp-content\/uploads\/2021\/11\/Gate_21_Logo_2_Valge.png","type":"image\/png"}],"twitter_card":"summary_large_image","twitter_misc":{"Est. reading time":"8 minutit"},"schema":{"@context":"https:\/\/schema.org","@graph":[{"@type":"WebPage","@id":"https:\/\/gate21.ee\/privaatsuspoliitika\/","url":"https:\/\/gate21.ee\/privaatsuspoliitika\/","name":"&#8226; Gate21","isPartOf":{"@id":"https:\/\/gate21.ee\/#website"},"datePublished":"2020-07-22T13:03:19+00:00","dateModified":"2021-04-22T07:02:00+00:00","description":"3 concept stores together online! Gate21, Oma Asi Design and Oma Asi is your gateway to the design everywhere from Tallinn to Tbilisi to Tokyo!","inLanguage":"et","potentialAction":[{"@type":"ReadAction","target":["https:\/\/gate21.ee\/privaatsuspoliitika\/"]}]},{"@type":"WebSite","@id":"https:\/\/gate21.ee\/#website","url":"https:\/\/gate21.ee\/","name":"Gate21","description":"Kingituskontseptsioonipood Gate21","publisher":{"@id":"https:\/\/gate21.ee\/#organization"},"alternateName":"gate21","potentialAction":[{"@type":"SearchAction","target":{"@type":"EntryPoint","urlTemplate":"https:\/\/gate21.ee\/?s={search_term_string}"},"query-input":{"@type":"PropertyValueSpecification","valueRequired":true,"valueName":"search_term_string"}}],"inLanguage":"et"},{"@type":"Organization","@id":"https:\/\/gate21.ee\/#organization","name":"Gate21","alternateName":"Gate21, Oma Asi and Oma Asi Design Store","url":"https:\/\/gate21.ee\/","logo":{"@type":"ImageObject","inLanguage":"et","@id":"https:\/\/gate21.ee\/#\/schema\/logo\/image\/","url":"https:\/\/gate21.ee\/wp-content\/uploads\/2021\/11\/Gate_21_Logo_2_Valge.png","contentUrl":"https:\/\/gate21.ee\/wp-content\/uploads\/2021\/11\/Gate_21_Logo_2_Valge.png","width":2560,"height":2560,"caption":"Gate21"},"image":{"@id":"https:\/\/gate21.ee\/#\/schema\/logo\/image\/"},"sameAs":["https:\/\/www.facebook.com\/gate21.ee\/","https:\/\/www.instagram.com\/gate21.ee\/","https:\/\/www.instagram.com\/omaasidesign\/","https:\/\/www.instagram.com\/omaasi\/","https:\/\/www.facebook.com\/omaasidesign\/","https:\/\/www.facebook.com\/omaasilittleredhouse\/","https:\/\/www.tiktok.com\/@gate21.ee"]}]}},"jetpack_sharing_enabled":true,"_links":{"self":[{"href":"https:\/\/gate21.ee\/et\/wp-json\/wp\/v2\/pages\/1550","targetHints":{"allow":["GET"]}}],"collection":[{"href":"https:\/\/gate21.ee\/et\/wp-json\/wp\/v2\/pages"}],"about":[{"href":"https:\/\/gate21.ee\/et\/wp-json\/wp\/v2\/types\/page"}],"author":[{"embeddable":true,"href":"https:\/\/gate21.ee\/et\/wp-json\/wp\/v2\/users\/1"}],"replies":[{"embeddable":true,"href":"https:\/\/gate21.ee\/et\/wp-json\/wp\/v2\/comments?post=1550"}],"version-history":[{"count":0,"href":"https:\/\/gate21.ee\/et\/wp-json\/wp\/v2\/pages\/1550\/revisions"}],"wp:attachment":[{"href":"https:\/\/gate21.ee\/et\/wp-json\/wp\/v2\/media?parent=1550"}],"curies":[{"name":"wp","href":"https:\/\/api.w.org\/{rel}","templated":true}]}}